{"id":425,"date":"2022-02-28T20:25:23","date_gmt":"2022-02-28T19:25:23","guid":{"rendered":"https:\/\/uilv.org\/?page_id=425"},"modified":"2025-11-06T17:04:38","modified_gmt":"2025-11-06T16:04:38","slug":"ass-la-gerbe","status":"publish","type":"page","link":"https:\/\/uilv.org\/index.php\/ass-la-gerbe\/","title":{"rendered":"Ass_LA GERBE"},"content":{"rendered":"\t\t<div data-elementor-type=\"wp-page\" data-elementor-id=\"425\" class=\"elementor elementor-425\" data-elementor-post-type=\"page\">\n\t\t\t\t\t\t<section class=\"elementor-section elementor-top-section elementor-element elementor-element-af9fa7f elementor-section-boxed elementor-section-height-default elementor-section-height-default\" data-id=\"af9fa7f\" data-element_type=\"section\" data-e-type=\"section\">\n\t\t\t\t\t\t<div class=\"elementor-container elementor-column-gap-default\">\n\t\t\t\t\t<div class=\"elementor-column elementor-col-100 elementor-top-column elementor-element elementor-element-cacf75e\" data-id=\"cacf75e\" data-element_type=\"column\" data-e-type=\"column\">\n\t\t\t<div class=\"elementor-widget-wrap elementor-element-populated\">\n\t\t\t\t\t\t<div class=\"elementor-element elementor-element-7a50a59 elementor-widget elementor-widget-image\" data-id=\"7a50a59\" data-element_type=\"widget\" data-e-type=\"widget\" data-widget_type=\"image.default\">\n\t\t\t\t<div class=\"elementor-widget-container\">\n\t\t\t\t\t\t\t\t\t\t\t\t\t\t\t<img fetchpriority=\"high\" decoding=\"async\" width=\"675\" height=\"273\" src=\"https:\/\/uilv.org\/wp-content\/uploads\/2025\/01\/Logo-La-Gerbe.png\" class=\"attachment-large size-large wp-image-3856\" alt=\"\" srcset=\"https:\/\/uilv.org\/wp-content\/uploads\/2025\/01\/Logo-La-Gerbe.png 675w, https:\/\/uilv.org\/wp-content\/uploads\/2025\/01\/Logo-La-Gerbe-300x121.png 300w\" sizes=\"(max-width: 675px) 100vw, 675px\" \/>\t\t\t\t\t\t\t\t\t\t\t\t\t\t\t<\/div>\n\t\t\t\t<\/div>\n\t\t\t\t<div class=\"elementor-element elementor-element-f024d87 elementor-widget elementor-widget-accordion\" data-id=\"f024d87\" data-element_type=\"widget\" data-e-type=\"widget\" data-widget_type=\"accordion.default\">\n\t\t\t\t<div class=\"elementor-widget-container\">\n\t\t\t\t\t\t\t<div class=\"elementor-accordion\">\n\t\t\t\t\t\t\t<div class=\"elementor-accordion-item\">\n\t\t\t\t\t<div id=\"elementor-tab-title-2511\" class=\"elementor-tab-title\" data-tab=\"1\" role=\"button\" aria-controls=\"elementor-tab-content-2511\" aria-expanded=\"false\">\n\t\t\t\t\t\t\t\t\t\t\t\t\t<span class=\"elementor-accordion-icon elementor-accordion-icon-left\" aria-hidden=\"true\">\n\t\t\t\t\t\t\t\t\t\t\t\t\t\t\t<span class=\"elementor-accordion-icon-closed\"><i class=\"fas fa-plus\"><\/i><\/span>\n\t\t\t\t\t\t\t\t<span class=\"elementor-accordion-icon-opened\"><i class=\"fas fa-minus\"><\/i><\/span>\n\t\t\t\t\t\t\t\t\t\t\t\t\t\t<\/span>\n\t\t\t\t\t\t\t\t\t\t\t\t<a class=\"elementor-accordion-title\" tabindex=\"0\">Date et lieu de cr\u00e9ation<\/a>\n\t\t\t\t\t<\/div>\n\t\t\t\t\t<div id=\"elementor-tab-content-2511\" class=\"elementor-tab-content elementor-clearfix\" data-tab=\"1\" role=\"region\" aria-labelledby=\"elementor-tab-title-2511\"><div>Association cr\u00e9e en\u00a01988. Si\u00e8ge social : ZAC du Petit Parc, 13 rue des Fontenelles, 78920 Ecquevilly. Gestion d\u2019un chantier d\u2019insertion par l\u2019humanitaire et d\u2019une ressourcerie dans les Yvelines.<\/div><div>En 2000, ouverture \u00e0 L\u00e9zan (Gard) d\u2019un g\u00eete d\u2019accueil social. Actuellement 3 p\u00f4les : 1\/ h\u00e9bergement d&rsquo;urgence 2\/ Logement Adapt\u00e9 et Solidaire 3\/ Espace de Vie Sociale.<\/div><\/div>\n\t\t\t\t<\/div>\n\t\t\t\t\t\t\t<div class=\"elementor-accordion-item\">\n\t\t\t\t\t<div id=\"elementor-tab-title-2512\" class=\"elementor-tab-title\" data-tab=\"2\" role=\"button\" aria-controls=\"elementor-tab-content-2512\" aria-expanded=\"false\">\n\t\t\t\t\t\t\t\t\t\t\t\t\t<span class=\"elementor-accordion-icon elementor-accordion-icon-left\" aria-hidden=\"true\">\n\t\t\t\t\t\t\t\t\t\t\t\t\t\t\t<span class=\"elementor-accordion-icon-closed\"><i class=\"fas fa-plus\"><\/i><\/span>\n\t\t\t\t\t\t\t\t<span class=\"elementor-accordion-icon-opened\"><i class=\"fas fa-minus\"><\/i><\/span>\n\t\t\t\t\t\t\t\t\t\t\t\t\t\t<\/span>\n\t\t\t\t\t\t\t\t\t\t\t\t<a class=\"elementor-accordion-title\" tabindex=\"0\">Coordonn\u00e9es postales, t\u00e9l\u00e9phoniques et \u00e9lectroniques <\/a>\n\t\t\t\t\t<\/div>\n\t\t\t\t\t<div id=\"elementor-tab-content-2512\" class=\"elementor-tab-content elementor-clearfix\" data-tab=\"2\" role=\"region\" aria-labelledby=\"elementor-tab-title-2512\"><div>Association La Gerbe &#8211; 62 chemin de Sauve &#8211; 30350 L\u00e9zan<\/div><div><p>62 chemin de Sauve &#8211; 30350 LEZAN<\/p><div>T\u00e9l : 04 66 92 01 08\u00a0<\/div><div>courriel : <a href=\"mailto:lezan@lagerbe.org\">lezan@lagerbe.org<\/a><\/div><div>Site : <a href=\"http:\/\/www.lagerbe-lezan.org\/\">www.lagerbe-lezan.org<\/a><\/div><p>facebook et instagram :\u00a0lagerbe.lezan<\/p><\/div><\/div>\n\t\t\t\t<\/div>\n\t\t\t\t\t\t\t<div class=\"elementor-accordion-item\">\n\t\t\t\t\t<div id=\"elementor-tab-title-2513\" class=\"elementor-tab-title\" data-tab=\"3\" role=\"button\" aria-controls=\"elementor-tab-content-2513\" aria-expanded=\"false\">\n\t\t\t\t\t\t\t\t\t\t\t\t\t<span class=\"elementor-accordion-icon elementor-accordion-icon-left\" aria-hidden=\"true\">\n\t\t\t\t\t\t\t\t\t\t\t\t\t\t\t<span class=\"elementor-accordion-icon-closed\"><i class=\"fas fa-plus\"><\/i><\/span>\n\t\t\t\t\t\t\t\t<span class=\"elementor-accordion-icon-opened\"><i class=\"fas fa-minus\"><\/i><\/span>\n\t\t\t\t\t\t\t\t\t\t\t\t\t\t<\/span>\n\t\t\t\t\t\t\t\t\t\t\t\t<a class=\"elementor-accordion-title\" tabindex=\"0\">Responsables<\/a>\n\t\t\t\t\t<\/div>\n\t\t\t\t\t<div id=\"elementor-tab-content-2513\" class=\"elementor-tab-content elementor-clearfix\" data-tab=\"3\" role=\"region\" aria-labelledby=\"elementor-tab-title-2513\"><div class=\"elementToProof\">Pr\u00e9sident : Laurent CARDEAU.\u00a0<\/div><div class=\"elementToProof\">Conseil d\u2019\u00e9tablissement de 8 membres b\u00e9n\u00e9voles.\u00a0<\/div><div class=\"elementToProof\">Direction : R\u00e9my VERGNON.<\/div><\/div>\n\t\t\t\t<\/div>\n\t\t\t\t\t\t\t<div class=\"elementor-accordion-item\">\n\t\t\t\t\t<div id=\"elementor-tab-title-2514\" class=\"elementor-tab-title\" data-tab=\"4\" role=\"button\" aria-controls=\"elementor-tab-content-2514\" aria-expanded=\"false\">\n\t\t\t\t\t\t\t\t\t\t\t\t\t<span class=\"elementor-accordion-icon elementor-accordion-icon-left\" aria-hidden=\"true\">\n\t\t\t\t\t\t\t\t\t\t\t\t\t\t\t<span class=\"elementor-accordion-icon-closed\"><i class=\"fas fa-plus\"><\/i><\/span>\n\t\t\t\t\t\t\t\t<span class=\"elementor-accordion-icon-opened\"><i class=\"fas fa-minus\"><\/i><\/span>\n\t\t\t\t\t\t\t\t\t\t\t\t\t\t<\/span>\n\t\t\t\t\t\t\t\t\t\t\t\t<a class=\"elementor-accordion-title\" tabindex=\"0\">Personnes accueillies<\/a>\n\t\t\t\t\t<\/div>\n\t\t\t\t\t<div id=\"elementor-tab-content-2514\" class=\"elementor-tab-content elementor-clearfix\" data-tab=\"4\" role=\"region\" aria-labelledby=\"elementor-tab-title-2514\"><div class=\"elementToProof\"><p>\u2013 H\u00e9bergement : femmes seules ou avec enfants. Sp\u00e9cificit\u00e9 pour l\u2019h\u00e9bergement et l\u2019accompagnement de femmes avec enfants victimes de violences.<\/p><div>\u2013 Logement adapt\u00e9 et solidaire : en pension de famille pour personnes (hommes ou femmes) d\u00e9munies et souffrant d\u2019isolement social, en maison en partage pour personnes seniors ou porteurs d&rsquo;handicap ayant de tr\u00e8s faibles revenues, et logements sociaux.<\/div><p>\u2013 Accueil temporaire : s\u00e9jours de ressourcement ou vacanciers en tourisme solidaire ou dortoir randonneurs et cyclistes.<\/p><\/div><\/div>\n\t\t\t\t<\/div>\n\t\t\t\t\t\t\t<div class=\"elementor-accordion-item\">\n\t\t\t\t\t<div id=\"elementor-tab-title-2515\" class=\"elementor-tab-title\" data-tab=\"5\" role=\"button\" aria-controls=\"elementor-tab-content-2515\" aria-expanded=\"false\">\n\t\t\t\t\t\t\t\t\t\t\t\t\t<span class=\"elementor-accordion-icon elementor-accordion-icon-left\" aria-hidden=\"true\">\n\t\t\t\t\t\t\t\t\t\t\t\t\t\t\t<span class=\"elementor-accordion-icon-closed\"><i class=\"fas fa-plus\"><\/i><\/span>\n\t\t\t\t\t\t\t\t<span class=\"elementor-accordion-icon-opened\"><i class=\"fas fa-minus\"><\/i><\/span>\n\t\t\t\t\t\t\t\t\t\t\t\t\t\t<\/span>\n\t\t\t\t\t\t\t\t\t\t\t\t<a class=\"elementor-accordion-title\" tabindex=\"0\">H\u00e9bergement<\/a>\n\t\t\t\t\t<\/div>\n\t\t\t\t\t<div id=\"elementor-tab-content-2515\" class=\"elementor-tab-content elementor-clearfix\" data-tab=\"5\" role=\"region\" aria-labelledby=\"elementor-tab-title-2515\"><p><span style=\"color: #333399;\">Nombre de places : Environ 45.<\/span><\/p><div>6 places h\u00e9bergement d\u2019urgence. 2 places de stabilisation. 3 places ALT simple. 8 appartements en pension de famille. 1 appartement de tourisme solidaire\/ressourcement. 6 logements en maison en partage. 9 logements sociaux (PLAI, PLUS).<\/div><div>\u00a0<\/div><div>Modalit\u00e9s d\u2019h\u00e9bergement :\u00a0Les r\u00e9sidents sont adress\u00e9s par des travailleurs sociaux ou par le dispositif SIAO ou par le 115.<\/div><\/div>\n\t\t\t\t<\/div>\n\t\t\t\t\t\t\t<div class=\"elementor-accordion-item\">\n\t\t\t\t\t<div id=\"elementor-tab-title-2516\" class=\"elementor-tab-title\" data-tab=\"6\" role=\"button\" aria-controls=\"elementor-tab-content-2516\" aria-expanded=\"false\">\n\t\t\t\t\t\t\t\t\t\t\t\t\t<span class=\"elementor-accordion-icon elementor-accordion-icon-left\" aria-hidden=\"true\">\n\t\t\t\t\t\t\t\t\t\t\t\t\t\t\t<span class=\"elementor-accordion-icon-closed\"><i class=\"fas fa-plus\"><\/i><\/span>\n\t\t\t\t\t\t\t\t<span class=\"elementor-accordion-icon-opened\"><i class=\"fas fa-minus\"><\/i><\/span>\n\t\t\t\t\t\t\t\t\t\t\t\t\t\t<\/span>\n\t\t\t\t\t\t\t\t\t\t\t\t<a class=\"elementor-accordion-title\" tabindex=\"0\">Modalit\u00e9s de l\u2019accompagnement socio-\u00e9ducatif <\/a>\n\t\t\t\t\t<\/div>\n\t\t\t\t\t<div id=\"elementor-tab-content-2516\" class=\"elementor-tab-content elementor-clearfix\" data-tab=\"6\" role=\"region\" aria-labelledby=\"elementor-tab-title-2516\"><div>Equipe de 10 professionnels permanents (direction, conseill\u00e8re en \u00e9conomie sociale, conseill\u00e8re familiale, maitresses de maison) repr\u00e9sentant 6,87 ETP (\u00e9quivalent temps plein).\u00a0<\/div><div>Accompagnement pour le recouvrement des droits (juridique, sant\u00e9, allocations, relogement\u2026), soutien \u00e0 la parentalit\u00e9. Partenariat avec assistantes sociales de secteur, qui restent r\u00e9f\u00e9rentes des situations.\u00a0<\/div><div>Groupe de parole anim\u00e9 par un psychoth\u00e9rapeute externe, qui assure \u00e9galement des entretiens m\u00e8res-enfants.<\/div><\/div>\n\t\t\t\t<\/div>\n\t\t\t\t\t\t\t<div class=\"elementor-accordion-item\">\n\t\t\t\t\t<div id=\"elementor-tab-title-2517\" class=\"elementor-tab-title\" data-tab=\"7\" role=\"button\" aria-controls=\"elementor-tab-content-2517\" aria-expanded=\"false\">\n\t\t\t\t\t\t\t\t\t\t\t\t\t<span class=\"elementor-accordion-icon elementor-accordion-icon-left\" aria-hidden=\"true\">\n\t\t\t\t\t\t\t\t\t\t\t\t\t\t\t<span class=\"elementor-accordion-icon-closed\"><i class=\"fas fa-plus\"><\/i><\/span>\n\t\t\t\t\t\t\t\t<span class=\"elementor-accordion-icon-opened\"><i class=\"fas fa-minus\"><\/i><\/span>\n\t\t\t\t\t\t\t\t\t\t\t\t\t\t<\/span>\n\t\t\t\t\t\t\t\t\t\t\t\t<a class=\"elementor-accordion-title\" tabindex=\"0\">Conventions partenariales fonctionnelles <\/a>\n\t\t\t\t\t<\/div>\n\t\t\t\t\t<div id=\"elementor-tab-content-2517\" class=\"elementor-tab-content elementor-clearfix\" data-tab=\"7\" role=\"region\" aria-labelledby=\"elementor-tab-title-2517\"><div><p>\u2013 DDETS du Gard (03\/11\/2020) : agr\u00e9ment d\u2019ing\u00e9nierie sociale, technique, et financi\u00e8re ; agr\u00e9ment de gestion locative sociale. Convention annuelle ALT (DDETS-CAF).<\/p><div>\u00a0<\/div><div>\u2013 Convention Pr\u00e9fecture du Gard pour l\u2019h\u00e9bergement des femmes victimes de violence.<\/div><div>\u00a0<\/div><div>\u2013 Minist\u00e8re du Logement (03\/11\/2020) : agr\u00e9ment de ma\u00eetrise d\u2019ouvrage d\u2019insertion (Gard).<\/div><div>\u00a0<\/div><div>\u2013 Conseil D\u00e9partemental du Gard (30\/04\/2023) : convention de partenariat de protection de l\u2019enfance (prise en charge pour l\u2019accueil des femmes enceintes ou avec enfants).<\/div><div>\u00a0<\/div><p>\u2013 Adh\u00e9rent \u00e0 la Banque Alimentaire (fourniture de denr\u00e9es alimentaires), membre des r\u00e9seaux REAAP (parentalit\u00e9), CLAS (soutien scolaire), RESEDA (Sant\u00e9 Vie Sociale du Bassin Al\u00e9sien), membre de la F\u00e9d\u00e9ration de l\u2019Entraide Protestante.<\/p><\/div><div>\u00a0<\/div><div>&#8211;\u00a0Organisme OACAS (18\/04\/2019) :\u00a0Organisme d&rsquo;Accueil Communautaire et d&rsquo;Activit\u00e9 Solidaire<\/div><\/div>\n\t\t\t\t<\/div>\n\t\t\t\t\t\t\t<div class=\"elementor-accordion-item\">\n\t\t\t\t\t<div id=\"elementor-tab-title-2518\" class=\"elementor-tab-title\" data-tab=\"8\" role=\"button\" aria-controls=\"elementor-tab-content-2518\" aria-expanded=\"false\">\n\t\t\t\t\t\t\t\t\t\t\t\t\t<span class=\"elementor-accordion-icon elementor-accordion-icon-left\" aria-hidden=\"true\">\n\t\t\t\t\t\t\t\t\t\t\t\t\t\t\t<span class=\"elementor-accordion-icon-closed\"><i class=\"fas fa-plus\"><\/i><\/span>\n\t\t\t\t\t\t\t\t<span class=\"elementor-accordion-icon-opened\"><i class=\"fas fa-minus\"><\/i><\/span>\n\t\t\t\t\t\t\t\t\t\t\t\t\t\t<\/span>\n\t\t\t\t\t\t\t\t\t\t\t\t<a class=\"elementor-accordion-title\" tabindex=\"0\"> Partenariat non formalis\u00e9 et b\u00e9n\u00e9volat <\/a>\n\t\t\t\t\t<\/div>\n\t\t\t\t\t<div id=\"elementor-tab-content-2518\" class=\"elementor-tab-content elementor-clearfix\" data-tab=\"8\" role=\"region\" aria-labelledby=\"elementor-tab-title-2518\"><div>Partenariats : municipalit\u00e9, \u00e9cole, cr\u00e8che, centre de loisirs de L\u00e9zan ; CMP\/CMS de proximit\u00e9 ; diverses associations.<\/div><div>Le b\u00e9n\u00e9volat concerne 137 personnes (environ 4,58 ETP), qui animent des ateliers, assurent des permanences de week-ends et aident au montage de projets. De nombreux b\u00e9n\u00e9voles sont impliqu\u00e9s dans la vie du caf\u00e9-restaurant associatifs.<\/div><div>Plusieurs habitants du village manifestent une solidarit\u00e9 concr\u00e8te : dons en nature (habits, meubles, l\u00e9gumes), mise \u00e0 disposition de terrains agricoles permettant jardinage ou cueillettes.<\/div><\/div>\n\t\t\t\t<\/div>\n\t\t\t\t\t\t\t<div class=\"elementor-accordion-item\">\n\t\t\t\t\t<div id=\"elementor-tab-title-2519\" class=\"elementor-tab-title\" data-tab=\"9\" role=\"button\" aria-controls=\"elementor-tab-content-2519\" aria-expanded=\"false\">\n\t\t\t\t\t\t\t\t\t\t\t\t\t<span class=\"elementor-accordion-icon elementor-accordion-icon-left\" aria-hidden=\"true\">\n\t\t\t\t\t\t\t\t\t\t\t\t\t\t\t<span class=\"elementor-accordion-icon-closed\"><i class=\"fas fa-plus\"><\/i><\/span>\n\t\t\t\t\t\t\t\t<span class=\"elementor-accordion-icon-opened\"><i class=\"fas fa-minus\"><\/i><\/span>\n\t\t\t\t\t\t\t\t\t\t\t\t\t\t<\/span>\n\t\t\t\t\t\t\t\t\t\t\t\t<a class=\"elementor-accordion-title\" tabindex=\"0\">Modes de participation effective des r\u00e9sidents <\/a>\n\t\t\t\t\t<\/div>\n\t\t\t\t\t<div id=\"elementor-tab-content-2519\" class=\"elementor-tab-content elementor-clearfix\" data-tab=\"9\" role=\"region\" aria-labelledby=\"elementor-tab-title-2519\"><p><span style=\"color: #333399;\">Vie semi-communautaire.<\/span><\/p><div>C\u00f4t\u00e9 h\u00e9bergement, chacune donne une contribution financi\u00e8re selon ses ressources (base 80\u20ac\/mois si RSA). Toutes participent aux t\u00e2ches communes (entretien, m\u00e9nage, cuisine) et prennent \u00e0 tour de r\u00f4le la responsabilit\u00e9 de l\u2019accueil des ateliers. Celles qui sont sans ressources sont log\u00e9es, nourries et accompagn\u00e9es gratuitement \u00e0 leurs rendez-vous administratifs. Des mesures de secours peuvent \u00eatre accord\u00e9es pour des demandes particuli\u00e8res. Les r\u00e9sidentes re\u00e7oivent le livret d\u2019accueil et le contrat de s\u00e9jour \u00e0 l\u2019arriv\u00e9e et participent au conseil de maison hebdomadaire.<\/div><div>\u00a0<\/div><div>C\u00f4t\u00e9 logement adapt\u00e9 et solidaire, la structure touche l\u2019APL et les r\u00e9sidents payent la diff\u00e9rence avec la redevance\/loyer. Ils entretiennent les lieux en \u00e9tat. Les r\u00e9sidents adh\u00e8rent \u00e0 une charte de vie qu\u2019ils peuvent faire \u00e9voluer \u00e0 travers les r\u00e9unions de maison r\u00e9guli\u00e8res. Ils participents tous au\u00a0conseil de maison\/voisins ayant une fr\u00e9quence sp\u00e9cifique en fonction des maisons.<\/div><div>\u00a0<\/div><div class=\"elementToProof\">Activit\u00e9s :\u00a0L\u2019Espace de Vie Sociale (EVS) propose un ensemble d\u2019ateliers de d\u00e9veloppement personnel, de recr\u00e9ation du lien social et de citoyennet\u00e9, ouverts aux r\u00e9sidents et aux villageois. Ils sont orient\u00e9s dans plusieurs directions : Cr\u00e9ativit\u00e9 (poterie, couture, \u00e9criture, musique), Solidarit\u00e9 (journ\u00e9e citoyenne, tri s\u00e9lectif, aide aux d\u00e9m\u00e9nagements, petit entretien des b\u00e2timents et jardin, cueillettes, confitures, maraichage), Activit\u00e9s productives (repas des voisins, brocante, appartement de tourisme solidaire), Autonomie (gestion de budget, parentalit\u00e9, sorties culturelles), Temps Partag\u00e9 (caf\u00e9-restaurant : service, cuisine, m\u00e9nage, linge).<\/div><p><span style=\"color: #333399;\">Le Conseil de L\u2019EVS se r\u00e9unit deux fois par an et associe salari\u00e9s, b\u00e9n\u00e9voles, r\u00e9sidents du Lieu \u00e0 Vivre et villageois. Ensemble ils d\u00e9cident des activit\u00e9s \u00e0 mettre en place et des orientations \u00e0 prendre.<\/span><\/p><\/div>\n\t\t\t\t<\/div>\n\t\t\t\t\t\t\t<div class=\"elementor-accordion-item\">\n\t\t\t\t\t<div id=\"elementor-tab-title-25110\" class=\"elementor-tab-title\" data-tab=\"10\" role=\"button\" aria-controls=\"elementor-tab-content-25110\" aria-expanded=\"false\">\n\t\t\t\t\t\t\t\t\t\t\t\t\t<span class=\"elementor-accordion-icon elementor-accordion-icon-left\" aria-hidden=\"true\">\n\t\t\t\t\t\t\t\t\t\t\t\t\t\t\t<span class=\"elementor-accordion-icon-closed\"><i class=\"fas fa-plus\"><\/i><\/span>\n\t\t\t\t\t\t\t\t<span class=\"elementor-accordion-icon-opened\"><i class=\"fas fa-minus\"><\/i><\/span>\n\t\t\t\t\t\t\t\t\t\t\t\t\t\t<\/span>\n\t\t\t\t\t\t\t\t\t\t\t\t<a class=\"elementor-accordion-title\" tabindex=\"0\">Composantes des ressources de l\u2019association <\/a>\n\t\t\t\t\t<\/div>\n\t\t\t\t\t<div id=\"elementor-tab-content-25110\" class=\"elementor-tab-content elementor-clearfix\" data-tab=\"10\" role=\"region\" aria-labelledby=\"elementor-tab-title-25110\"><div>En 2022 la r\u00e9partition \u00e9tait la suivante :\u00a0<\/div><div><p>&#8211;\u00a039 % &#8211; R\u00e9seau de donateurs et b\u00e9n\u00e9voles (contributions volontaires et dons).<\/p><div>&#8211; 37 % &#8211; Subventions (publiques et priv\u00e9es) et aides publiques diverses.<\/div><div>&#8211; 20 % &#8211; Ressources li\u00e9es \u00e0 l\u2019activit\u00e9 d\u00e9ploy\u00e9e par l\u2019association (loyers, ventes, prestations)<\/div><p>&#8211; 4% &#8211; Autres produits, reprise sur amortissements, transferts de charges<\/p><\/div><\/div>\n\t\t\t\t<\/div>\n\t\t\t\t\t\t\t\t<\/div>\n\t\t\t\t\t\t<\/div>\n\t\t\t\t<\/div>\n\t\t\t\t\t<\/div>\n\t\t<\/div>\n\t\t\t\t\t<\/div>\n\t\t<\/section>\n\t\t\t\t<section class=\"elementor-section elementor-top-section elementor-element elementor-element-200fdcf elementor-section-boxed elementor-section-height-default elementor-section-height-default\" data-id=\"200fdcf\" data-element_type=\"section\" data-e-type=\"section\">\n\t\t\t\t\t\t<div class=\"elementor-container elementor-column-gap-default\">\n\t\t\t\t\t<div class=\"elementor-column elementor-col-50 elementor-top-column elementor-element elementor-element-54c1524\" data-id=\"54c1524\" data-element_type=\"column\" data-e-type=\"column\">\n\t\t\t<div class=\"elementor-widget-wrap elementor-element-populated\">\n\t\t\t\t\t\t<div class=\"elementor-element elementor-element-aa93d05 elementor-widget elementor-widget-image\" data-id=\"aa93d05\" data-element_type=\"widget\" data-e-type=\"widget\" data-widget_type=\"image.default\">\n\t\t\t\t<div class=\"elementor-widget-container\">\n\t\t\t\t\t\t\t\t\t\t\t\t\t\t\t\t<a href=\"https:\/\/www.lagerbe-lezan.org\/_files\/ugd\/a3de5b_352d0d10bc95488db94d1f7c1101829a.pdf\" target=\"_blank\">\n\t\t\t\t\t\t\t<img decoding=\"async\" width=\"595\" height=\"841\" src=\"https:\/\/uilv.org\/wp-content\/uploads\/2023\/10\/Esperance-121-WEB.jpg\" class=\"attachment-large size-large wp-image-1701\" alt=\"\" srcset=\"https:\/\/uilv.org\/wp-content\/uploads\/2023\/10\/Esperance-121-WEB.jpg 595w, https:\/\/uilv.org\/wp-content\/uploads\/2023\/10\/Esperance-121-WEB-212x300.jpg 212w\" sizes=\"(max-width: 595px) 100vw, 595px\" \/>\t\t\t\t\t\t\t\t<\/a>\n\t\t\t\t\t\t\t\t\t\t\t\t\t\t\t<\/div>\n\t\t\t\t<\/div>\n\t\t\t\t\t<\/div>\n\t\t<\/div>\n\t\t\t\t<div class=\"elementor-column elementor-col-50 elementor-top-column elementor-element elementor-element-86ec094\" data-id=\"86ec094\" data-element_type=\"column\" data-e-type=\"column\">\n\t\t\t<div class=\"elementor-widget-wrap elementor-element-populated\">\n\t\t\t\t\t\t<div class=\"elementor-element elementor-element-6fa3ea9 elementor-widget elementor-widget-image\" data-id=\"6fa3ea9\" data-element_type=\"widget\" data-e-type=\"widget\" data-widget_type=\"image.default\">\n\t\t\t\t<div class=\"elementor-widget-container\">\n\t\t\t\t\t\t\t\t\t\t\t\t\t\t\t\t<a href=\"https:\/\/www.lagerbe-lezan.org\/_files\/ugd\/a3de5b_5a635515fea54a9c9e2778e68e515678.pdf\" target=\"_blank\">\n\t\t\t\t\t\t\t<img decoding=\"async\" width=\"595\" height=\"841\" src=\"https:\/\/uilv.org\/wp-content\/uploads\/2023\/10\/Esperance-120-WEB2.jpg\" class=\"attachment-large size-large wp-image-1746\" alt=\"\" srcset=\"https:\/\/uilv.org\/wp-content\/uploads\/2023\/10\/Esperance-120-WEB2.jpg 595w, https:\/\/uilv.org\/wp-content\/uploads\/2023\/10\/Esperance-120-WEB2-212x300.jpg 212w\" sizes=\"(max-width: 595px) 100vw, 595px\" \/>\t\t\t\t\t\t\t\t<\/a>\n\t\t\t\t\t\t\t\t\t\t\t\t\t\t\t<\/div>\n\t\t\t\t<\/div>\n\t\t\t\t\t<\/div>\n\t\t<\/div>\n\t\t\t\t\t<\/div>\n\t\t<\/section>\n\t\t\t\t<\/div>\n\t\t","protected":false},"excerpt":{"rendered":"<p>Date et lieu de cr\u00e9ation Association cr\u00e9e en\u00a01988. Si\u00e8ge social : ZAC du Petit Parc, 13 rue des Fontenelles, 78920 Ecquevilly. Gestion d\u2019un chantier d\u2019insertion par l\u2019humanitaire et d\u2019une ressourcerie [&hellip;]<\/p>\n","protected":false},"author":2,"featured_media":0,"parent":0,"menu_order":0,"comment_status":"closed","ping_status":"closed","template":"","meta":{"footnotes":""},"class_list":["post-425","page","type-page","status-publish","hentry"],"_links":{"self":[{"href":"https:\/\/uilv.org\/index.php\/wp-json\/wp\/v2\/pages\/425","targetHints":{"allow":["GET"]}}],"collection":[{"href":"https:\/\/uilv.org\/index.php\/wp-json\/wp\/v2\/pages"}],"about":[{"href":"https:\/\/uilv.org\/index.php\/wp-json\/wp\/v2\/types\/page"}],"author":[{"embeddable":true,"href":"https:\/\/uilv.org\/index.php\/wp-json\/wp\/v2\/users\/2"}],"replies":[{"embeddable":true,"href":"https:\/\/uilv.org\/index.php\/wp-json\/wp\/v2\/comments?post=425"}],"version-history":[{"count":69,"href":"https:\/\/uilv.org\/index.php\/wp-json\/wp\/v2\/pages\/425\/revisions"}],"predecessor-version":[{"id":5401,"href":"https:\/\/uilv.org\/index.php\/wp-json\/wp\/v2\/pages\/425\/revisions\/5401"}],"wp:attachment":[{"href":"https:\/\/uilv.org\/index.php\/wp-json\/wp\/v2\/media?parent=425"}],"curies":[{"name":"wp","href":"https:\/\/api.w.org\/{rel}","templated":true}]}}