{"id":604,"date":"2022-03-07T16:13:18","date_gmt":"2022-03-07T15:13:18","guid":{"rendered":"https:\/\/uilv.org\/?page_id=604"},"modified":"2025-11-06T17:00:48","modified_gmt":"2025-11-06T16:00:48","slug":"gaf-groupe-amitie-fraternite","status":"publish","type":"page","link":"https:\/\/uilv.org\/index.php\/gaf-groupe-amitie-fraternite\/","title":{"rendered":"Ass_GAF (Groupe Amiti\u00e9 Fraternit\u00e9)"},"content":{"rendered":"\t\t<div data-elementor-type=\"wp-page\" data-elementor-id=\"604\" class=\"elementor elementor-604\" data-elementor-post-type=\"page\">\n\t\t\t\t\t\t<section class=\"elementor-section elementor-top-section elementor-element elementor-element-c7a9ce3 elementor-section-boxed elementor-section-height-default elementor-section-height-default\" data-id=\"c7a9ce3\" data-element_type=\"section\" data-e-type=\"section\">\n\t\t\t\t\t\t<div class=\"elementor-container elementor-column-gap-default\">\n\t\t\t\t\t<div class=\"elementor-column elementor-col-100 elementor-top-column elementor-element elementor-element-e835022\" data-id=\"e835022\" data-element_type=\"column\" data-e-type=\"column\">\n\t\t\t<div class=\"elementor-widget-wrap elementor-element-populated\">\n\t\t\t\t\t\t<div class=\"elementor-element elementor-element-8df5925 elementor-widget elementor-widget-toggle\" data-id=\"8df5925\" data-element_type=\"widget\" data-e-type=\"widget\" data-widget_type=\"toggle.default\">\n\t\t\t\t<div class=\"elementor-widget-container\">\n\t\t\t\t\t\t\t<div class=\"elementor-toggle\">\n\t\t\t\t\t\t\t<div class=\"elementor-toggle-item\">\n\t\t\t\t\t<div id=\"elementor-tab-title-1481\" class=\"elementor-tab-title\" data-tab=\"1\" role=\"button\" aria-controls=\"elementor-tab-content-1481\" aria-expanded=\"false\">\n\t\t\t\t\t\t\t\t\t\t\t\t<span class=\"elementor-toggle-icon elementor-toggle-icon-left\" aria-hidden=\"true\">\n\t\t\t\t\t\t\t\t\t\t\t\t\t\t\t<span class=\"elementor-toggle-icon-closed\"><i class=\"fas fa-caret-right\"><\/i><\/span>\n\t\t\t\t\t\t\t\t<span class=\"elementor-toggle-icon-opened\"><i class=\"elementor-toggle-icon-opened fas fa-caret-up\"><\/i><\/span>\n\t\t\t\t\t\t\t\t\t\t\t\t\t<\/span>\n\t\t\t\t\t\t\t\t\t\t\t\t<a class=\"elementor-toggle-title\" tabindex=\"0\">Ann\u00e9e de cr\u00e9ation <\/a>\n\t\t\t\t\t<\/div>\n\n\t\t\t\t\t<div id=\"elementor-tab-content-1481\" class=\"elementor-tab-content elementor-clearfix\" data-tab=\"1\" role=\"region\" aria-labelledby=\"elementor-tab-title-1481\"><div><p class=\"Paragraphestandard\"><span class=\"texte\" style=\"color: #000080;\">1993<\/span><\/p><\/div><\/div>\n\t\t\t\t<\/div>\n\t\t\t\t\t\t\t<div class=\"elementor-toggle-item\">\n\t\t\t\t\t<div id=\"elementor-tab-title-1482\" class=\"elementor-tab-title\" data-tab=\"2\" role=\"button\" aria-controls=\"elementor-tab-content-1482\" aria-expanded=\"false\">\n\t\t\t\t\t\t\t\t\t\t\t\t<span class=\"elementor-toggle-icon elementor-toggle-icon-left\" aria-hidden=\"true\">\n\t\t\t\t\t\t\t\t\t\t\t\t\t\t\t<span class=\"elementor-toggle-icon-closed\"><i class=\"fas fa-caret-right\"><\/i><\/span>\n\t\t\t\t\t\t\t\t<span class=\"elementor-toggle-icon-opened\"><i class=\"elementor-toggle-icon-opened fas fa-caret-up\"><\/i><\/span>\n\t\t\t\t\t\t\t\t\t\t\t\t\t<\/span>\n\t\t\t\t\t\t\t\t\t\t\t\t<a class=\"elementor-toggle-title\" tabindex=\"0\">Coordonn\u00e9es postales et t\u00e9l\u00e9phoniques <\/a>\n\t\t\t\t\t<\/div>\n\n\t\t\t\t\t<div id=\"elementor-tab-content-1482\" class=\"elementor-tab-content elementor-clearfix\" data-tab=\"2\" role=\"region\" aria-labelledby=\"elementor-tab-title-1482\"><div><p><span style=\"color: #333399;\">62 bis, route de Blagnac, 31200 Toulouse\u00a0<\/span><\/p><p><span style=\"color: #333399;\">T\u00e9l. : 05 62 72 86 14\u00a0<\/span><\/p><\/div><div><p class=\"Paragraphestandard\"><span style=\"color: #333399;\"><span class=\"texte\"><b>Courriel :<\/b><\/span><span class=\"texte\"> \u00a0<a id=\"LPlnk246776\" style=\"color: #333399;\" title=\"mailto:groupe-amitie-fraternite@orange.fr\" href=\"mailto:groupe-amitie-fraternite@orange.fr\" data-linkindex=\"0\">groupe-amitie-fraternite@orange.fr<\/a><\/span><\/span><\/p><\/div><\/div>\n\t\t\t\t<\/div>\n\t\t\t\t\t\t\t<div class=\"elementor-toggle-item\">\n\t\t\t\t\t<div id=\"elementor-tab-title-1483\" class=\"elementor-tab-title\" data-tab=\"3\" role=\"button\" aria-controls=\"elementor-tab-content-1483\" aria-expanded=\"false\">\n\t\t\t\t\t\t\t\t\t\t\t\t<span class=\"elementor-toggle-icon elementor-toggle-icon-left\" aria-hidden=\"true\">\n\t\t\t\t\t\t\t\t\t\t\t\t\t\t\t<span class=\"elementor-toggle-icon-closed\"><i class=\"fas fa-caret-right\"><\/i><\/span>\n\t\t\t\t\t\t\t\t<span class=\"elementor-toggle-icon-opened\"><i class=\"elementor-toggle-icon-opened fas fa-caret-up\"><\/i><\/span>\n\t\t\t\t\t\t\t\t\t\t\t\t\t<\/span>\n\t\t\t\t\t\t\t\t\t\t\t\t<a class=\"elementor-toggle-title\" tabindex=\"0\">Modalit\u00e9s d\u2019h\u00e9bergement <\/a>\n\t\t\t\t\t<\/div>\n\n\t\t\t\t\t<div id=\"elementor-tab-content-1483\" class=\"elementor-tab-content elementor-clearfix\" data-tab=\"3\" role=\"region\" aria-labelledby=\"elementor-tab-title-1483\"><p><span style=\"color: #333399;\">Le p\u00f4le LIEUX \u00c0 VIVRE de l&rsquo;association GROUPE AMITI\u00c9 FRATERNIT\u00c9 (GAF), comporte 4 sites, avec une capacit\u00e9 maximale d&rsquo;accueil sur les trois sites de 33 personnes r\u00e9parties comme suit :\u00a0\u00a0<\/span><\/p><ul><li><span style=\"color: #333399;\" data-contrast=\"auto\"> La maison de Naubalette situ\u00e9e 11 Impasse de Naubalette 31 200 Toulouse (Quartier Sesqui\u00e8res). La maison est compos\u00e9e de huit chambres en plus d\u2019espaces commun. A ces places, j\u2019ajoute deux caravanes. Soit 10 places<\/span><\/li><li><span style=\"color: #333399;\" data-contrast=\"auto\"> Le b\u00e2timent Sept Deniers situ\u00e9 62 bis route de Blagnac 31 200 Toulouse (Quartier Sept Deniers). Dans ce b\u00e2timent, il y a six appartements. Soit 6 places<\/span><\/li><li><span style=\"color: #333399;\" data-contrast=\"auto\"> Le Terrain Saint Martin situ\u00e9 38 rue Sentenac 31 300 Toulouse (Quartier Saint martin du Touch). Cet espace est compos\u00e9 de huit emplacements camions\/caravanes dont quatre avec en plus un chalet. Soit 8 places<\/span><\/li><li><span style=\"color: #333399;\"> Le Hameau Toulousain situ\u00e9 2 Av. Edouard Serres, 31770 Colomiers. Ce lieu regroupe huit tentes \u00e9quip\u00e9es. Soit 8 places.<\/span><\/li><\/ul><\/div>\n\t\t\t\t<\/div>\n\t\t\t\t\t\t\t<div class=\"elementor-toggle-item\">\n\t\t\t\t\t<div id=\"elementor-tab-title-1484\" class=\"elementor-tab-title\" data-tab=\"4\" role=\"button\" aria-controls=\"elementor-tab-content-1484\" aria-expanded=\"false\">\n\t\t\t\t\t\t\t\t\t\t\t\t<span class=\"elementor-toggle-icon elementor-toggle-icon-left\" aria-hidden=\"true\">\n\t\t\t\t\t\t\t\t\t\t\t\t\t\t\t<span class=\"elementor-toggle-icon-closed\"><i class=\"fas fa-caret-right\"><\/i><\/span>\n\t\t\t\t\t\t\t\t<span class=\"elementor-toggle-icon-opened\"><i class=\"elementor-toggle-icon-opened fas fa-caret-up\"><\/i><\/span>\n\t\t\t\t\t\t\t\t\t\t\t\t\t<\/span>\n\t\t\t\t\t\t\t\t\t\t\t\t<a class=\"elementor-toggle-title\" tabindex=\"0\">Accueil<\/a>\n\t\t\t\t\t<\/div>\n\n\t\t\t\t\t<div id=\"elementor-tab-content-1484\" class=\"elementor-tab-content elementor-clearfix\" data-tab=\"4\" role=\"region\" aria-labelledby=\"elementor-tab-title-1484\"><p><span style=\"color: #333399;\">Lorsqu&rsquo;une personne veut int\u00e9grer un des lieux \u00e0 vivre de l&rsquo;association, un premier rendez-vous est programm\u00e9. Le candidat expose son projet et est inform\u00e9 des modes de vie des Lieux \u00e0 Vivre et des valeurs de l&rsquo;association. \u00a0<\/span><\/p><p><span style=\"color: #333399;\">La personne re\u00e7oit une r\u00e9ponse en fonction de l&rsquo;\u00e9change apr\u00e8s le premier entretien (entre le coordinateur et le secr\u00e9taire g\u00e9n\u00e9ral) et des retours des habitants.\u00a0\u00a0<\/span><\/p><\/div>\n\t\t\t\t<\/div>\n\t\t\t\t\t\t\t<div class=\"elementor-toggle-item\">\n\t\t\t\t\t<div id=\"elementor-tab-title-1485\" class=\"elementor-tab-title\" data-tab=\"5\" role=\"button\" aria-controls=\"elementor-tab-content-1485\" aria-expanded=\"false\">\n\t\t\t\t\t\t\t\t\t\t\t\t<span class=\"elementor-toggle-icon elementor-toggle-icon-left\" aria-hidden=\"true\">\n\t\t\t\t\t\t\t\t\t\t\t\t\t\t\t<span class=\"elementor-toggle-icon-closed\"><i class=\"fas fa-caret-right\"><\/i><\/span>\n\t\t\t\t\t\t\t\t<span class=\"elementor-toggle-icon-opened\"><i class=\"elementor-toggle-icon-opened fas fa-caret-up\"><\/i><\/span>\n\t\t\t\t\t\t\t\t\t\t\t\t\t<\/span>\n\t\t\t\t\t\t\t\t\t\t\t\t<a class=\"elementor-toggle-title\" tabindex=\"0\">L'\u00e9quipe<\/a>\n\t\t\t\t\t<\/div>\n\n\t\t\t\t\t<div id=\"elementor-tab-content-1485\" class=\"elementor-tab-content elementor-clearfix\" data-tab=\"5\" role=\"region\" aria-labelledby=\"elementor-tab-title-1485\"><p><span style=\"color: #333399;\">Sur chaque site, il y a un r\u00e9f\u00e8rent habitant qui a une fonction de garant du quotidien.\u00a0<\/span><\/p><p><span style=\"color: #333399;\">Par la suite, il y a une \u00e9quipe de salari\u00e9e\/prestataires sur certains lieux\u202f:\u00a0\u00a0<\/span><\/p><ul><li><span style=\"color: #333399;\" data-contrast=\"auto\"> Un coordinateur des lieux \u00e0 vivre pour l\u2019ensemble des sites\u00a0<\/span><\/li><li><span style=\"color: #333399;\"> Deux travailleurs issus de la rue sur le Hameau \u00e0 20 heures par semaine chacun, comme gestionnaires du quotidien.<\/span><\/li><li><span style=\"color: #333399;\"> Une prestataire de service (travailleuse sociale) sur le Hameau pour accompagner les habitants dans leurs d\u00e9marches (sant\u00e9, administratif, social, logement, emploi etc.)<\/span><\/li><li><span style=\"color: #333399;\" data-contrast=\"auto\"> Un psychologue intervenant sur les lieux \u00e0 vivre, et particuli\u00e8rement sur Naubalette.<\/span><\/li><\/ul><p>\u00a0<\/p><p><span style=\"color: #333399;\">Ne pas oublier aussi, la pr\u00e9sence de b\u00e9n\u00e9voles dans le quotidien sur des t\u00e2ches pr\u00e9cises.\u00a0<\/span><\/p><\/div>\n\t\t\t\t<\/div>\n\t\t\t\t\t\t\t<div class=\"elementor-toggle-item\">\n\t\t\t\t\t<div id=\"elementor-tab-title-1486\" class=\"elementor-tab-title\" data-tab=\"6\" role=\"button\" aria-controls=\"elementor-tab-content-1486\" aria-expanded=\"false\">\n\t\t\t\t\t\t\t\t\t\t\t\t<span class=\"elementor-toggle-icon elementor-toggle-icon-left\" aria-hidden=\"true\">\n\t\t\t\t\t\t\t\t\t\t\t\t\t\t\t<span class=\"elementor-toggle-icon-closed\"><i class=\"fas fa-caret-right\"><\/i><\/span>\n\t\t\t\t\t\t\t\t<span class=\"elementor-toggle-icon-opened\"><i class=\"elementor-toggle-icon-opened fas fa-caret-up\"><\/i><\/span>\n\t\t\t\t\t\t\t\t\t\t\t\t\t<\/span>\n\t\t\t\t\t\t\t\t\t\t\t\t<a class=\"elementor-toggle-title\" tabindex=\"0\">Activit\u00e9s solidaires<\/a>\n\t\t\t\t\t<\/div>\n\n\t\t\t\t\t<div id=\"elementor-tab-content-1486\" class=\"elementor-tab-content elementor-clearfix\" data-tab=\"6\" role=\"region\" aria-labelledby=\"elementor-tab-title-1486\"><p><span style=\"color: #333399;\">Les activit\u00e9s solidaires sont surtout orient\u00e9es vers l\u2019am\u00e9lioration des habitats, l\u2019entretien du lieu\u202f: jardinage, petit \u00e9levage, entretien des espaces communs int\u00e9rieurs et ext\u00e9rieurs des lieux.\u00a0\u00a0<\/span><\/p><p><span style=\"color: #333399;\">Cependant, il peut y avoir un projet commun sur le lieu o\u00f9 le collectif des habitants est sollicit\u00e9 pour le r\u00e9aliser, ex\u202f: construction d\u2019un abri v\u00e9lo, d\u2019un abri \u00e0 outils\u2026\u00a0<\/span><\/p><p><span style=\"color: #333399;\">De temps en temps, est organis\u00e9 un repas collectif pour remercier les donateurs, les b\u00e9n\u00e9voles, les partenaires officiels et enfin le voisinage.\u00a0<\/span><\/p><p><span style=\"color: #333399;\">Il est possible pour les habitants de prendre des responsabilit\u00e9s sur d\u2019autres espaces de l\u2019association ou encore sur des postes au sein de l\u2019ACI (Atelier et Chantier d\u2019Insertion) voire dans l\u2019organisation de la vie associative (par exemple, participation au Conseil d\u2019Administration en tant que r\u00e9f\u00e9rent de lieu).\u00a0<\/span><\/p><\/div>\n\t\t\t\t<\/div>\n\t\t\t\t\t\t\t<div class=\"elementor-toggle-item\">\n\t\t\t\t\t<div id=\"elementor-tab-title-1487\" class=\"elementor-tab-title\" data-tab=\"7\" role=\"button\" aria-controls=\"elementor-tab-content-1487\" aria-expanded=\"false\">\n\t\t\t\t\t\t\t\t\t\t\t\t<span class=\"elementor-toggle-icon elementor-toggle-icon-left\" aria-hidden=\"true\">\n\t\t\t\t\t\t\t\t\t\t\t\t\t\t\t<span class=\"elementor-toggle-icon-closed\"><i class=\"fas fa-caret-right\"><\/i><\/span>\n\t\t\t\t\t\t\t\t<span class=\"elementor-toggle-icon-opened\"><i class=\"elementor-toggle-icon-opened fas fa-caret-up\"><\/i><\/span>\n\t\t\t\t\t\t\t\t\t\t\t\t\t<\/span>\n\t\t\t\t\t\t\t\t\t\t\t\t<a class=\"elementor-toggle-title\" tabindex=\"0\">Accompagnement<\/a>\n\t\t\t\t\t<\/div>\n\n\t\t\t\t\t<div id=\"elementor-tab-content-1487\" class=\"elementor-tab-content elementor-clearfix\" data-tab=\"7\" role=\"region\" aria-labelledby=\"elementor-tab-title-1487\"><p><span style=\"color: #333999;\">Il se concr\u00e9tise \u00e0 partir de l&rsquo;\u00e9thique et des statuts de l&rsquo;association \u00ab permettre aux personnes de la rue de r\u00e9aliser leur projet en dialogue avec d&rsquo;autres personnes \u00bb. Afin de permettre l&rsquo;aboutissement du projet, trois instances sont mises \u00e0 disposition de la personne accueillie :\u00a0 <\/span><\/p><ul><li><span style=\"color: #333999;\">La Cellule Projet, toute personne ayant une volont\u00e9 de cr\u00e9er une action au sein de l\u2019association. Elle sera accompagn\u00e9e dans sa r\u00e9alisation par la cellule compos\u00e9e de deux b\u00e9n\u00e9voles de l\u2019association<\/span><\/li><li><span style=\"color: #333999;\">Une r\u00e9union de lieu est organis\u00e9e chaque mois avec les habitants et le coordinateur<\/span><\/li><li><span style=\"color: #333999;\">Un accompagnement individuel r\u00e9guli\u00e8rement, en fonction des besoins de chacun.<\/span><\/li><\/ul><\/div>\n\t\t\t\t<\/div>\n\t\t\t\t\t\t\t<div class=\"elementor-toggle-item\">\n\t\t\t\t\t<div id=\"elementor-tab-title-1488\" class=\"elementor-tab-title\" data-tab=\"8\" role=\"button\" aria-controls=\"elementor-tab-content-1488\" aria-expanded=\"false\">\n\t\t\t\t\t\t\t\t\t\t\t\t<span class=\"elementor-toggle-icon elementor-toggle-icon-left\" aria-hidden=\"true\">\n\t\t\t\t\t\t\t\t\t\t\t\t\t\t\t<span class=\"elementor-toggle-icon-closed\"><i class=\"fas fa-caret-right\"><\/i><\/span>\n\t\t\t\t\t\t\t\t<span class=\"elementor-toggle-icon-opened\"><i class=\"elementor-toggle-icon-opened fas fa-caret-up\"><\/i><\/span>\n\t\t\t\t\t\t\t\t\t\t\t\t\t<\/span>\n\t\t\t\t\t\t\t\t\t\t\t\t<a class=\"elementor-toggle-title\" tabindex=\"0\">Public accueilli<\/a>\n\t\t\t\t\t<\/div>\n\n\t\t\t\t\t<div id=\"elementor-tab-content-1488\" class=\"elementor-tab-content elementor-clearfix\" data-tab=\"8\" role=\"region\" aria-labelledby=\"elementor-tab-title-1488\"><p><span style=\"color: #333999;\"><span class=\"TextRun SCXW146255860 BCX8\" lang=\"FR-FR\" xml:lang=\"FR-FR\" data-contrast=\"auto\"><span class=\"NormalTextRun SCXW146255860 BCX8\">Le public accueilli est compos\u00e9 de personnes vivant \u00e0 la rue, hommes et femmes. Les 4 sites acceptent les animaux (chiens, chats, etc.). Le public accueilli doit <\/span><span class=\"NormalTextRun SCXW146255860 BCX8\">\u00eatre majeur<\/span><span class=\"NormalTextRun SCXW146255860 BCX8\">. Il peut venir de plusieurs groupes identifi\u00e9s dans la rue (squat, camp, etc.) ou isol\u00e9 (rue, habitat pr\u00e9caire, etc.) par l\u2019\u00e9quipe rue du <\/span><\/span><span class=\"TextRun Highlight SCXW146255860 BCX8\" lang=\"FR-FR\" xml:lang=\"FR-FR\" data-contrast=\"auto\"><span class=\"NormalTextRun SCXW146255860 BCX8\">GAF<\/span><\/span><span class=\"TextRun SCXW146255860 BCX8\" lang=\"FR-FR\" xml:lang=\"FR-FR\" data-contrast=\"auto\"><span class=\"NormalTextRun SCXW146255860 BCX8\">, l\u2019accueil de jour, les membres de l\u2019association et certains partenaires. Le crit\u00e8re important est d\u2019accepter une vie communautaire et responsable.<\/span><\/span><span class=\"EOP SCXW146255860 BCX8\" data-ccp-props=\"{}\">\u00a0<\/span><\/span><\/p><\/div>\n\t\t\t\t<\/div>\n\t\t\t\t\t\t\t<div class=\"elementor-toggle-item\">\n\t\t\t\t\t<div id=\"elementor-tab-title-1489\" class=\"elementor-tab-title\" data-tab=\"9\" role=\"button\" aria-controls=\"elementor-tab-content-1489\" aria-expanded=\"false\">\n\t\t\t\t\t\t\t\t\t\t\t\t<span class=\"elementor-toggle-icon elementor-toggle-icon-left\" aria-hidden=\"true\">\n\t\t\t\t\t\t\t\t\t\t\t\t\t\t\t<span class=\"elementor-toggle-icon-closed\"><i class=\"fas fa-caret-right\"><\/i><\/span>\n\t\t\t\t\t\t\t\t<span class=\"elementor-toggle-icon-opened\"><i class=\"elementor-toggle-icon-opened fas fa-caret-up\"><\/i><\/span>\n\t\t\t\t\t\t\t\t\t\t\t\t\t<\/span>\n\t\t\t\t\t\t\t\t\t\t\t\t<a class=\"elementor-toggle-title\" tabindex=\"0\">Participation des personnes h\u00e9berg\u00e9es<\/a>\n\t\t\t\t\t<\/div>\n\n\t\t\t\t\t<div id=\"elementor-tab-content-1489\" class=\"elementor-tab-content elementor-clearfix\" data-tab=\"9\" role=\"region\" aria-labelledby=\"elementor-tab-title-1489\"><p><span style=\"color: #333999;\">Une cotisation financi\u00e8re est demand\u00e9e chaque mois. Elle est fix\u00e9e en fonction du lieu habit\u00e9\u202f:\u00a0\u00a0<\/span><\/p><p><span style=\"color: #333999;\">Une base est fix\u00e9e pour chaque lieu\u202f:\u00a0\u00a0<\/span><\/p><ul><li data-leveltext=\"\uf0b7\" data-font=\"Symbol\" data-listid=\"1\" data-list-defn-props=\"{&quot;335552541&quot;:1,&quot;335559685&quot;:720,&quot;335559991&quot;:360,&quot;469769226&quot;:&quot;Symbol&quot;,&quot;469769242&quot;:[8226],&quot;469777803&quot;:&quot;left&quot;,&quot;469777804&quot;:&quot;\uf0b7&quot;,&quot;469777815&quot;:&quot;hybridMultilevel&quot;}\" aria-setsize=\"-1\" data-aria-posinset=\"1\" data-aria-level=\"1\"><span style=\"color: #333999;\">Naubalette = 155 \u20ac\u00a0<\/span><\/li><\/ul><ul><li data-leveltext=\"\uf0b7\" data-font=\"Symbol\" data-listid=\"1\" data-list-defn-props=\"{&quot;335552541&quot;:1,&quot;335559685&quot;:720,&quot;335559991&quot;:360,&quot;469769226&quot;:&quot;Symbol&quot;,&quot;469769242&quot;:[8226],&quot;469777803&quot;:&quot;left&quot;,&quot;469777804&quot;:&quot;\uf0b7&quot;,&quot;469777815&quot;:&quot;hybridMultilevel&quot;}\" aria-setsize=\"-1\" data-aria-posinset=\"2\" data-aria-level=\"1\"><span style=\"color: #333999;\">7 Deniers = 70 \u20ac\u00a0<\/span><\/li><\/ul><ul><li data-leveltext=\"\uf0b7\" data-font=\"Symbol\" data-listid=\"1\" data-list-defn-props=\"{&quot;335552541&quot;:1,&quot;335559685&quot;:720,&quot;335559991&quot;:360,&quot;469769226&quot;:&quot;Symbol&quot;,&quot;469769242&quot;:[8226],&quot;469777803&quot;:&quot;left&quot;,&quot;469777804&quot;:&quot;\uf0b7&quot;,&quot;469777815&quot;:&quot;hybridMultilevel&quot;}\" aria-setsize=\"-1\" data-aria-posinset=\"3\" data-aria-level=\"1\"><span style=\"color: #333999;\">Hameau = 60 \u20ac\u00a0<\/span><\/li><\/ul><ul><li data-leveltext=\"\uf0b7\" data-font=\"Symbol\" data-listid=\"1\" data-list-defn-props=\"{&quot;335552541&quot;:1,&quot;335559685&quot;:720,&quot;335559991&quot;:360,&quot;469769226&quot;:&quot;Symbol&quot;,&quot;469769242&quot;:[8226],&quot;469777803&quot;:&quot;left&quot;,&quot;469777804&quot;:&quot;\uf0b7&quot;,&quot;469777815&quot;:&quot;hybridMultilevel&quot;}\" aria-setsize=\"-1\" data-aria-posinset=\"4\" data-aria-level=\"1\"><span style=\"color: #333999;\">Terrain = 50 \u20ac.\u00a0\u00a0<\/span><\/li><\/ul><p>\u00a0<\/p><p><span style=\"color: #333999;\">Pour Naubalette et les 7 Deniers, cette base est major\u00e9e en fonction des ressources de la personne (+10 % des revenus au-dessus du RSA) .<\/span><\/p><\/div>\n\t\t\t\t<\/div>\n\t\t\t\t\t\t\t\t<\/div>\n\t\t\t\t\t\t<\/div>\n\t\t\t\t<\/div>\n\t\t\t\t\t<\/div>\n\t\t<\/div>\n\t\t\t\t\t<\/div>\n\t\t<\/section>\n\t\t\t\t<\/div>\n\t\t","protected":false},"excerpt":{"rendered":"<p>Ann\u00e9e de cr\u00e9ation 1993 Coordonn\u00e9es postales et t\u00e9l\u00e9phoniques 62 bis, route de Blagnac, 31200 Toulouse T\u00e9l. : 05 62 72 86 14 Courriel : \u00a0groupe-amitie-fraternite@orange.fr Modalit\u00e9s d\u2019h\u00e9bergement Le p\u00f4le LIEUX [&hellip;]<\/p>\n","protected":false},"author":2,"featured_media":0,"parent":0,"menu_order":0,"comment_status":"closed","ping_status":"closed","template":"","meta":{"footnotes":""},"class_list":["post-604","page","type-page","status-publish","hentry"],"_links":{"self":[{"href":"https:\/\/uilv.org\/index.php\/wp-json\/wp\/v2\/pages\/604","targetHints":{"allow":["GET"]}}],"collection":[{"href":"https:\/\/uilv.org\/index.php\/wp-json\/wp\/v2\/pages"}],"about":[{"href":"https:\/\/uilv.org\/index.php\/wp-json\/wp\/v2\/types\/page"}],"author":[{"embeddable":true,"href":"https:\/\/uilv.org\/index.php\/wp-json\/wp\/v2\/users\/2"}],"replies":[{"embeddable":true,"href":"https:\/\/uilv.org\/index.php\/wp-json\/wp\/v2\/comments?post=604"}],"version-history":[{"count":40,"href":"https:\/\/uilv.org\/index.php\/wp-json\/wp\/v2\/pages\/604\/revisions"}],"predecessor-version":[{"id":5398,"href":"https:\/\/uilv.org\/index.php\/wp-json\/wp\/v2\/pages\/604\/revisions\/5398"}],"wp:attachment":[{"href":"https:\/\/uilv.org\/index.php\/wp-json\/wp\/v2\/media?parent=604"}],"curies":[{"name":"wp","href":"https:\/\/api.w.org\/{rel}","templated":true}]}}